{"id":1883,"date":"2025-10-16T16:48:38","date_gmt":"2025-10-16T16:48:38","guid":{"rendered":"https:\/\/quintascaetano.com\/politica-privacidade\/"},"modified":"2025-11-21T13:01:33","modified_gmt":"2025-11-21T13:01:33","slug":"datenschutzrichtlinie","status":"publish","type":"page","link":"https:\/\/quintascaetano.com\/de\/datenschutzrichtlinie\/","title":{"rendered":"Datenschutzrichtlinie"},"content":{"rendered":"\n<h2 class=\"wp-block-heading\"><strong>RGPD \u2013 Regime Geral de Prote\u00e7\u00e3o de Dados<\/strong><\/h2>\n\n\n\n<h2 class=\"wp-block-heading\"><strong>Datenschutzerkl\u00e4rung | Nutzungsbedingungen<\/strong><\/h2>\n\n\n\n<hr class=\"wp-block-separator has-alpha-channel-opacity\"\/>\n\n\n\n<h2 class=\"wp-block-heading\"><strong>Erkl\u00e4rung und Einwilligung zur Datenschutzerkl\u00e4rung<\/strong><\/h2>\n\n\n\n<div style=\"height:50px\" aria-hidden=\"true\" class=\"wp-block-spacer\"><\/div>\n\n\n\n<p>Indem Sie diese Datenschutzerkl\u00e4rung akzeptieren, erteilen Sie der <strong><em>Luis Godofredo Amaral Pimentel, juristische Person mit der Nummer <strong>153567899<\/strong><\/em>, mit Sitz in <em>Rua de S\u00e3o caetano, n\u00ba 38 9500-613<\/em><\/strong>, die Erlaubnis, Ihre personenbezogenen Daten, die in Ihrem Registrierungsformular enthalten sind und deren Inhaber Sie best\u00e4tigen, sowie Daten im Zusammenhang mit Ihrer gesch\u00e4ftlichen und vertraglichen Beziehung und deren Verwaltung gem\u00e4\u00df dieser Datenschutzerkl\u00e4rung zu verarbeiten.<\/p>\n\n\n\n<p>Er erkl\u00e4rt au\u00dferdem:<\/p>\n\n\n\n<ul class=\"wp-block-list\">\n<li>Sich dessen bewusst und umfassend informiert sein, dass die Verarbeitung Ihrer personenbezogenen Daten alle Vorg\u00e4nge umfasst, die an den von Ihnen \u00fcbermittelten Daten, automatisiert oder nicht, zu folgenden Zwecken durchgef\u00fchrt werden:\n<ul class=\"wp-block-list\">\n<li>Die Funktionsweise und die Funktionen der Website von <strong><em>Luis Godofredo Amaral Pimentel<\/em><\/strong>  zu verbessern, einschlie\u00dflich der F\u00e4lle, in denen die Daten aggregiert und statistisch verarbeitet werden, ohne dass eine pers\u00f6nliche Identifizierung erfolgt.<\/li>\n\n\n\n<li>Die Ihnen angebotenen Dienstleistungen zu verbessern und zu personalisieren.<\/li>\n\n\n\n<li>Sie per E-Mail, schriftlichen Nachrichten oder Telefon zu kontaktieren, um Informationen, Updates zu Transaktionen und Bestellungen sowie zu neuen Produkten oder Dienstleistungen zu \u00fcbermitteln.<\/li>\n\n\n\n<li>Mit Ihnen auf Social-Media-Plattformen zu interagieren.<\/li>\n\n\n\n<li>Die freie Nutzung und Vervielf\u00e4ltigung durch das Unternehmen von \u00f6ffentlich zug\u00e4nglichen und\/oder auf Social-Media-Plattformen ver\u00f6ffentlichten Inhalten zu akzeptieren und zuzustimmen, in denen Sie ausdr\u00fccklich auf unsere Marken, Produkte oder Dienstleistungen Bezug genommen haben.<\/li>\n<\/ul>\n<\/li>\n\n\n\n<li>Zur Kenntnis zu nehmen, dass Sie gem\u00e4\u00df der geltenden Gesetzgebung der Verarbeitung Ihrer Daten f\u00fcr einen oder mehrere der zuvor genannten Zwecke widersprechen, diese einschr\u00e4nken, korrigieren oder deren L\u00f6schung verlangen k\u00f6nnen, indem Sie eine Anfrage an folgende E-Mail-Adresse senden: <a href=\"mailto:info@quintascaetano.com\">info@quintascaetano.com<\/a>, sowie eine Beschwerde bei den zust\u00e4ndigen Beh\u00f6rden einreichen k\u00f6nnen.<\/li>\n\n\n\n<li>Die vorliegende Einwilligung freiwillig und ohne Zwang zu erteilen und mindestens 16 Jahre alt zu sein.<\/li>\n<\/ul>\n\n\n\n<hr class=\"wp-block-separator has-alpha-channel-opacity\"\/>\n\n\n\n<h2 class=\"wp-block-heading\"><strong>Datenschutzerkl\u00e4rung<\/strong><\/h2>\n\n\n\n<p>Bei <strong><em>Luis Godofredo Amaral Pimentel<\/em><\/strong> betrachten wir Ihre Privatsph\u00e4re als eine ernsthafte Angelegenheit. Wir setzen uns daf\u00fcr ein, Ihre Erfahrung mit unserer Website und unseren Social-Media-Plattformen in einer sicheren Umgebung zu maximieren.<\/p>\n\n\n\n<p>Es ist unsere Politik, Ihre personenbezogenen Daten diskret zu behandeln und zu sch\u00fctzen.<br>Diese Datenschutzerkl\u00e4rung erl\u00e4utert, wie wir Informationen \u00fcber Sie online und offline erheben, sch\u00fctzen, verwenden und weitergeben.<\/p>\n\n\n\n<p><strong>Beachten:<\/strong> Diese Richtlinie gilt nur f\u00fcr Informationen, die von <strong><strong><em>Luis Godofredo Amaral Pimentel<\/em><\/strong><\/strong>, dies umfasst keine Daten, die auf anderen Websites oder Plattformen Dritter \u00fcbermittelt werden. Bitte lesen Sie die folgenden Bedingungen sorgf\u00e4ltig durch.<\/p>\n\n\n\n<hr class=\"wp-block-separator has-alpha-channel-opacity\"\/>\n\n\n\n<h3 class=\"wp-block-heading\"><strong>Ihre Daten<\/strong><\/h3>\n\n\n\n<p>Das <strong><strong><em>Luis Godofredo Amaral Pimentel<\/em><\/strong><\/strong> verpflichtet sich, Ihre personenbezogenen Daten in \u00dcbereinstimmung mit den geltenden Bestimmungen zu verarbeiten <strong>Regulamento Europeu (UE) 2016\/679<\/strong> (Regulamento Geral sobre a Prote\u00e7\u00e3o de Dados &#8211; RGPD).<\/p>\n\n\n\n<p>Diese Website erhebt keine personenbezogenen Daten von Ihnen, es sei denn, Sie stellen diese freiwillig zur Verf\u00fcgung. Die Datenerhebung erfolgt ausschlie\u00dflich durch das Ausf\u00fcllen von Online-Formularen (Angebotsanfrage, Kontaktformular usw.).<\/p>\n\n\n\n<p>Die Daten k\u00f6nnen Folgendes umfassen:<\/p>\n\n\n\n<ul class=\"wp-block-list\">\n<li>Name<\/li>\n\n\n\n<li>Telefonischer Kontakt<\/li>\n\n\n\n<li>E-Mail-Adresse<\/li>\n\n\n\n<li>Weitere relevante Informationen<\/li>\n<\/ul>\n\n\n\n<p>Durch die Angabe personenbezogener Daten erkl\u00e4ren Sie sich mit deren Verwendung f\u00fcr die in dieser Richtlinie beschriebenen Zwecke einverstanden.<\/p>\n\n\n\n<hr class=\"wp-block-separator has-alpha-channel-opacity\"\/>\n\n\n\n<h3 class=\"wp-block-heading\"><strong>Die von Ihnen bereitgestellten Daten k\u00f6nnen f\u00fcr folgende Zwecke verwendet werden:<\/strong><\/h3>\n\n\n\n<p>Die von Ihnen bereitgestellten Daten k\u00f6nnen f\u00fcr folgende Zwecke verwendet werden:<\/p>\n\n\n\n<ul class=\"wp-block-list\">\n<li>Gestalten Sie Ihr Erlebnis mit uns individuell.<\/li>\n\n\n\n<li>Um unsere Website, unsere Dienstleistungen und die verf\u00fcgbaren Ressourcen zu verbessern.<\/li>\n\n\n\n<li>Um unseren Kundenservice zu verbessern.<\/li>\n\n\n\n<li>Ich werde Sie kontaktieren.<\/li>\n\n\n\n<li>Wettbewerbe, Werbeaktionen, Umfragen oder andere Ressourcen verwalten.<\/li>\n<\/ul>\n\n\n\n<p>Ihre Daten <strong>Sie werden weder verkauft, getauscht noch \u00fcbertragen<\/strong> an Dritte au\u00dferhalb von <strong><em>Luis Godofredo Amaral Pimentel<\/em><\/strong>ohne Ihre Zustimmung.<\/p>\n\n\n\n<p>Wir k\u00f6nnen aggregierte und statistische Informationen an Dritte zu Analyse- und Entwicklungszwecken weitergeben, ausgenommen sind Daten, die eine Identifizierung einzelner Personen erm\u00f6glichen.<\/p>\n\n\n\n<p>Ihre Kontaktdaten k\u00f6nnen f\u00fcr folgende Zwecke verwendet werden:<\/p>\n\n\n\n<ul class=\"wp-block-list\">\n<li>Senden Sie uns Informationen und Aktualisierungen zu Ihren Bestellungen.<\/li>\n\n\n\n<li>Um \u00fcber verwandte Produkte oder Dienstleistungen zu kommunizieren.<\/li>\n\n\n\n<li>Wir bitten Sie um Feedback zu unseren Dienstleistungen.<\/li>\n<\/ul>\n\n\n\n<p><strong>Beachten:<\/strong> Alle E-Mails enthalten eine detaillierte Anleitung zum Abmelden.<\/p>\n\n\n\n<p>Das <strong><em>Luis Godofredo Amaral Pimentel<\/em><\/strong> die Nutzerdaten werden auf Servern in Portugal und Spanien gespeichert und nach h\u00f6chsten Sicherheitsstandards gesch\u00fctzt.<\/p>\n\n\n\n<hr class=\"wp-block-separator has-alpha-channel-opacity\"\/>\n\n\n\n<h3 class=\"wp-block-heading\"><strong>Schutz Ihrer Daten<\/strong><\/h3>\n\n\n\n<p>Wir haben technische und organisatorische Ma\u00dfnahmen zum Schutz Ihrer personenbezogenen Daten getroffen. <\/p>\n\n\n\n<p>Jedoch, <strong>keine Methode der elektronischen \u00dcbertragung oder Speicherung ist 100% sicher.<\/strong><\/p>\n\n\n\n<p>Soweit gesetzlich zul\u00e4ssig, <strong><strong><em>Luis Godofredo Amaral Pimentel<\/em><\/strong><\/strong> wir \u00fcbernehmen keine Haftung f\u00fcr Verluste, direkte, indirekte, besondere oder Folgesch\u00e4den, die durch unbefugten Zugriff auf oder die Offenlegung von Daten entstehen.<\/p>\n\n\n\n<hr class=\"wp-block-separator has-alpha-channel-opacity\"\/>\n\n\n\n<h3 class=\"wp-block-heading\"><strong>Cookies<\/strong><\/h3>\n\n\n\n<p>Ein <strong>Cookie <\/strong>ist eine kleine Textdatei, die Browserinformationen auf Ihrem Ger\u00e4t speichert.<\/p>\n\n\n\n<p>Obwohl Cookies keine personenbezogenen Daten erfassen, erm\u00f6glichen sie eine schnellere und effizientere Nutzung der Website.<\/p>\n\n\n\n<p>Cookies k\u00f6nnen:<\/p>\n\n\n\n<ul class=\"wp-block-list\">\n<li>Den Nutzer identifizieren und die Funktionsweise der Dienste verbessern.<\/li>\n\n\n\n<li>Verbesserung der Website-Performance und Nutzungsanalyse.<\/li>\n\n\n\n<li>Erm\u00f6glichen Sie ein personalisierteres Surfverhalten.<\/li>\n\n\n\n<li>Informationen f\u00fcr zielgerichtete Werbung sammeln.<\/li>\n<\/ul>\n\n\n\n<p>Der Hauptzweck ist <strong>verbessern Sie Ihr Surferlebnis<\/strong> und statistische Analyse der Website-Nutzung.<br>Cookie-Informationen werden nur verwendet von <strong><strong><em>Luis Godofredo Amaral Pimentel<\/em><\/strong><\/strong>, ausgenommen solche, die sich auf <strong>Google Analytics<\/strong>.<\/p>\n\n\n\n<p>Der Benutzer kann jederzeit, <strong>cookies akzeptieren, ablehnen oder l\u00f6schen<\/strong> in Ihrem Browser.<br>Durch das Deaktivieren dieser Funktionen kann es jedoch zu Funktions- und Effizienzeinbu\u00dfen auf der Website kommen.<\/p>\n\n\n\n<p><strong>Hinweis:<\/strong> Diese Liste kann um neue Dienste und Funktionen erg\u00e4nzt werden.<\/p>\n\n\n\n<hr class=\"wp-block-separator has-alpha-channel-opacity\"\/>\n\n\n\n<h3 class=\"wp-block-heading\"><strong>Wie k\u00f6nnen Sie Ihre Sicherheit gew\u00e4hrleisten?<\/strong><\/h3>\n\n\n\n<p>Zu Ihrem Schutz:<\/p>\n\n\n\n<ul class=\"wp-block-list\">\n<li>Vermeiden Sie es, sensible pers\u00f6nliche Informationen in E-Mails aufzunehmen.<\/li>\n\n\n\n<li>Senden Sie keine Kreditkartennummern oder vertrauliche Informationen per E-Mail.<\/li>\n\n\n\n<li>Wir erfassen wissentlich keine Informationen von Minderj\u00e4hrigen.<br>Eltern oder Erziehungsberechtigte sollten verhindern, dass Daten ohne Genehmigung versendet werden.<\/li>\n<\/ul>\n\n\n\n<p><strong><em>Luis Godofredo Amaral Pimentel<\/em><\/strong> ist nicht verantwortlich f\u00fcr personenbezogene Daten, die in \u00f6ffentlichen Bereichen wie Foren oder Kommentaren geteilt werden.<\/p>\n\n\n\n<hr class=\"wp-block-separator has-alpha-channel-opacity\"\/>\n\n\n\n<h3 class=\"wp-block-heading\"><strong>Weitergabe von Informationen an Dritte<\/strong><\/h3>\n\n\n\n<p>Wir verkaufen oder \u00fcbermitteln keine personenbezogenen Daten an Dritte, <strong>au\u00dfer<\/strong>:<\/p>\n\n\n\n<ul class=\"wp-block-list\">\n<li>Vertrauensw\u00fcrdige Partner, die uns beim Betrieb der Website und der Dienste unterst\u00fctzen und sich zur Vertraulichkeit verpflichten.<\/li>\n\n\n\n<li>Wenn dies gesetzlich vorgeschrieben ist oder zum Schutz von Rechten und der Sicherheit erforderlich ist.<\/li>\n<\/ul>\n\n\n\n<p>Nicht personenbezogene Daten k\u00f6nnen zu statistischen, Marketing- oder Werbezwecken weitergegeben werden.<\/p>\n\n\n\n<hr class=\"wp-block-separator has-alpha-channel-opacity\"\/>\n\n\n\n<h3 class=\"wp-block-heading\"><strong>Links von Drittanbietern<\/strong><\/h3>\n\n\n\n<p>Unsere Website kann Folgendes enthalten <strong>liinks zu webseiten dritter<\/strong>.<br>Diese Websites verf\u00fcgen \u00fcber unabh\u00e4ngige Datenschutzrichtlinien, durch die die <strong><strong><em>Luis Godofredo Amaral Pimentel<\/em><\/strong><\/strong> <strong>\u00fcbernimmt keine Verantwortung<\/strong>.<\/p>\n\n\n\n<p>Wir empfehlen Ihnen, die Datenschutzrichtlinien dieser Webseiten sorgf\u00e4ltig zu lesen, bevor Sie pers\u00f6nliche Informationen angeben.<\/p>\n\n\n\n<hr class=\"wp-block-separator has-alpha-channel-opacity\"\/>\n\n\n\n<h3 class=\"wp-block-heading\"><strong>Ihre Zustimmung<\/strong><\/h3>\n\n\n\n<p>Durch die Nutzung unserer Website und Plattformen, <strong>Sie stimmen dieser Datenschutzrichtlinie zu.<\/strong><\/p>\n\n\n\n<hr class=\"wp-block-separator has-alpha-channel-opacity\"\/>\n\n\n\n<h3 class=\"wp-block-heading\"><strong>Aufbewahrungsfrist Ihrer Daten<\/strong><\/h3>\n\n\n\n<p>Personenbezogene Daten werden so lange aufbewahrt, bis <strong>sie deren L\u00f6schung verlangen.<\/strong><\/p>\n\n\n\n<hr class=\"wp-block-separator has-alpha-channel-opacity\"\/>\n\n\n\n<h3 class=\"wp-block-heading\"><strong>Urheberrechte<\/strong><\/h3>\n\n\n\n<p>Alle Videos, Audiodateien, Bilder und Informationen auf dieser Website <strong>d\u00fcrfen nicht kopiert, verteilt, ver\u00e4ndert oder ver\u00f6ffentlicht werden<\/strong> ohne vorherige Genehmigung von <strong><em>Luis Godofredo Amaral Pimentel<\/em><\/strong>.<\/p>\n\n\n\n<hr class=\"wp-block-separator has-alpha-channel-opacity\"\/>\n\n\n\n<h3 class=\"wp-block-heading\"><strong>Ihre Rechte<\/strong><\/h3>\n\n\n\n<p>Gem\u00e4\u00df der geltenden Gesetzgebung:<\/p>\n\n\n\n<ul class=\"wp-block-list\">\n<li>Ihre personenbezogenen Daten geh\u00f6ren Ihnen.<br>Sie k\u00f6nnen auf die Verarbeitung <strong>zugreifen<\/strong>, <strong>sie berichtigen, einschr\u00e4nken, l\u00f6schen<\/strong> <strong>oder widersprechen<\/strong>.<\/li>\n\n\n\n<li><strong><em>Luis Godofredo Amaral Pimentel<\/em><\/strong> wird alle Anstrengungen unternehmen, um die Daten aktuell zu halten und zu sch\u00fctzen.<\/li>\n\n\n\n<li>Sie haben das Recht, eine Beschwerde bei der <strong>Comiss\u00e3o Nacional de Prote\u00e7\u00e3o de Dados (CNPD)<\/strong> \u2014 <a href=\"https:\/\/www.cnpd.pt\">www.cnpd.pt<\/a>.<\/li>\n<\/ul>\n\n\n\n<p>Anfragen zu Ihren Rechten m\u00fcssen gesendet werden an:<\/p>\n\n\n\n<p><strong>E-mail:<\/strong> <a href=\"mailto:info@quintascaetano.com\">info@quintascaetano.com<\/a><\/p>\n\n\n\n<hr class=\"wp-block-separator has-alpha-channel-opacity\"\/>\n\n\n\n<h3 class=\"wp-block-heading\"><strong>Anwendbares Recht<\/strong><\/h3>\n\n\n\n<p>Diese <strong>Nutzungsbedingungen<\/strong> unterliegendem <strong>geltenden portugiesischen Recht.<\/strong><br>Etwaige Streitigkeiten unterliegen dem <strong>zust\u00e4ndigen Gericht.<\/strong><\/p>\n\n\n\n<hr class=\"wp-block-separator has-alpha-channel-opacity\"\/>\n\n\n\n<h3 class=\"wp-block-heading\"><strong>\u00c4nderungen der Datenschutzerkl\u00e4rung<\/strong><\/h3>\n\n\n\n<p><strong><strong><em>Luis Godofredo Amaral Pimentel<\/em><\/strong><\/strong> beh\u00e4lt sich das Recht vor <strong>zu aktualisieren, zu \u00e4ndern oder zu l\u00f6schen<\/strong> diese Richtlinie ohne vorherige Zustimmung.<br>Jegliche \u00c4nderung wird auf der Website oder \u00fcber die angegebenen Kontaktkan\u00e4le bekanntgegeben.<\/p>\n\n\n\n<p>Die fortgesetzte Nutzung der Website nach diesen \u00c4nderungen bedeutet deren Zustimmung.<\/p>\n\n\n\n<p><strong>G\u00fcltige Version ver\u00f6ffentlicht am:<\/strong> 12\/11\/2025<\/p>\n\n\n\n<hr class=\"wp-block-separator has-alpha-channel-opacity\"\/>\n\n\n\n<h3 class=\"wp-block-heading\"><strong>Kontaktieren Sie uns<\/strong><\/h3>\n\n\n\n<p>Bei Fragen zu dieser Datenschutzerkl\u00e4rung oder zur Aus\u00fcbung Ihrer Rechte kontaktieren Sie uns \u00fcber:<\/p>\n\n\n\n<p><strong>E-mail:<\/strong> <a href=\"mailto:info@quintascaetano.com\">info@quintascaetano.com<\/a><\/p>\n\n\n\n<p><strong>Telefon:<\/strong> (+351) 296 381 233<\/p>\n","protected":false},"excerpt":{"rendered":"<p>RGPD \u2013 Regime Geral de Prote\u00e7\u00e3o de Dados Datenschutzerkl\u00e4rung | Nutzungsbedingungen Erkl\u00e4rung und Einwilligung zur Datenschutzerkl\u00e4rung Indem Sie diese Datenschutzerkl\u00e4rung akzeptieren, erteilen Sie der Luis Godofredo Amaral Pimentel, juristische Person mit der Nummer 153567899, mit Sitz in Rua de S\u00e3o &hellip; <a href=\"https:\/\/quintascaetano.com\/de\/datenschutzrichtlinie\/\">Read More<\/a><\/p>\n","protected":false},"author":1,"featured_media":0,"parent":0,"menu_order":0,"comment_status":"closed","ping_status":"closed","template":"","meta":{"_acf_changed":false,"footnotes":""},"class_list":["post-1883","page","type-page","status-publish","hentry"],"acf":[],"yoast_head":"<!-- This site is optimized with the Yoast SEO plugin v26.2 - https:\/\/yoast.com\/wordpress\/plugins\/seo\/ -->\n<title>Datenschutzrichtlinie - Quinta Sao Caetano<\/title>\n<meta name=\"description\" content=\"Datenschutzrichtlinie: Mit der Annahme der Datenschutzerkl\u00e4rung erm\u00e4chtigen Sie Luis G. A. P. zur Verarbeitung Ihrer personenbezogenen Daten.\" \/>\n<meta name=\"robots\" content=\"index, follow, max-snippet:-1, max-image-preview:large, max-video-preview:-1\" \/>\n<link rel=\"canonical\" href=\"https:\/\/quintascaetano.com\/de\/datenschutzrichtlinie\/\" \/>\n<meta property=\"og:locale\" content=\"de_DE\" \/>\n<meta property=\"og:type\" content=\"article\" \/>\n<meta property=\"og:title\" content=\"Datenschutzrichtlinie - Quinta Sao Caetano\" \/>\n<meta property=\"og:description\" content=\"Datenschutzrichtlinie: Mit der Annahme der Datenschutzerkl\u00e4rung erm\u00e4chtigen Sie Luis G. A. P. zur Verarbeitung Ihrer personenbezogenen Daten.\" \/>\n<meta property=\"og:url\" content=\"https:\/\/quintascaetano.com\/de\/datenschutzrichtlinie\/\" \/>\n<meta property=\"og:site_name\" content=\"Quinta Sao Caetano\" \/>\n<meta property=\"article:modified_time\" content=\"2025-11-21T13:01:33+00:00\" \/>\n<meta name=\"twitter:card\" content=\"summary_large_image\" \/>\n<meta name=\"twitter:label1\" content=\"Gesch\u00e4tzte Lesezeit\" \/>\n\t<meta name=\"twitter:data1\" content=\"7\u00a0Minuten\" \/>\n<script type=\"application\/ld+json\" class=\"yoast-schema-graph\">{\"@context\":\"https:\/\/schema.org\",\"@graph\":[{\"@type\":\"WebPage\",\"@id\":\"https:\/\/quintascaetano.com\/de\/datenschutzrichtlinie\/\",\"url\":\"https:\/\/quintascaetano.com\/de\/datenschutzrichtlinie\/\",\"name\":\"Datenschutzrichtlinie - Quinta Sao Caetano\",\"isPartOf\":{\"@id\":\"https:\/\/quintascaetano.com\/de\/#website\"},\"datePublished\":\"2025-10-16T16:48:38+00:00\",\"dateModified\":\"2025-11-21T13:01:33+00:00\",\"description\":\"Datenschutzrichtlinie: Mit der Annahme der Datenschutzerkl\u00e4rung erm\u00e4chtigen Sie Luis G. A. P. zur Verarbeitung Ihrer personenbezogenen Daten.\",\"breadcrumb\":{\"@id\":\"https:\/\/quintascaetano.com\/de\/datenschutzrichtlinie\/#breadcrumb\"},\"inLanguage\":\"de\",\"potentialAction\":[{\"@type\":\"ReadAction\",\"target\":[\"https:\/\/quintascaetano.com\/de\/datenschutzrichtlinie\/\"]}]},{\"@type\":\"BreadcrumbList\",\"@id\":\"https:\/\/quintascaetano.com\/de\/datenschutzrichtlinie\/#breadcrumb\",\"itemListElement\":[{\"@type\":\"ListItem\",\"position\":1,\"name\":\"Home\",\"item\":\"https:\/\/quintascaetano.com\/de\/\"},{\"@type\":\"ListItem\",\"position\":2,\"name\":\"Datenschutzrichtlinie\"}]},{\"@type\":\"WebSite\",\"@id\":\"https:\/\/quintascaetano.com\/de\/#website\",\"url\":\"https:\/\/quintascaetano.com\/de\/\",\"name\":\"Quinta de S\u00e3o Caetano - S\u00e3o Miguel A\u00e7ores\",\"description\":\"Quinta S\u00e3o Caetano - Sao Miguel - Azores\",\"potentialAction\":[{\"@type\":\"SearchAction\",\"target\":{\"@type\":\"EntryPoint\",\"urlTemplate\":\"https:\/\/quintascaetano.com\/de\/?s={search_term_string}\"},\"query-input\":{\"@type\":\"PropertyValueSpecification\",\"valueRequired\":true,\"valueName\":\"search_term_string\"}}],\"inLanguage\":\"de\"}]}<\/script>\n<!-- \/ Yoast SEO plugin. -->","yoast_head_json":{"title":"Datenschutzrichtlinie - Quinta Sao Caetano","description":"Datenschutzrichtlinie: Mit der Annahme der Datenschutzerkl\u00e4rung erm\u00e4chtigen Sie Luis G. A. P. zur Verarbeitung Ihrer personenbezogenen Daten.","robots":{"index":"index","follow":"follow","max-snippet":"max-snippet:-1","max-image-preview":"max-image-preview:large","max-video-preview":"max-video-preview:-1"},"canonical":"https:\/\/quintascaetano.com\/de\/datenschutzrichtlinie\/","og_locale":"de_DE","og_type":"article","og_title":"Datenschutzrichtlinie - Quinta Sao Caetano","og_description":"Datenschutzrichtlinie: Mit der Annahme der Datenschutzerkl\u00e4rung erm\u00e4chtigen Sie Luis G. A. P. zur Verarbeitung Ihrer personenbezogenen Daten.","og_url":"https:\/\/quintascaetano.com\/de\/datenschutzrichtlinie\/","og_site_name":"Quinta Sao Caetano","article_modified_time":"2025-11-21T13:01:33+00:00","twitter_card":"summary_large_image","twitter_misc":{"Gesch\u00e4tzte Lesezeit":"7\u00a0Minuten"},"schema":{"@context":"https:\/\/schema.org","@graph":[{"@type":"WebPage","@id":"https:\/\/quintascaetano.com\/de\/datenschutzrichtlinie\/","url":"https:\/\/quintascaetano.com\/de\/datenschutzrichtlinie\/","name":"Datenschutzrichtlinie - Quinta Sao Caetano","isPartOf":{"@id":"https:\/\/quintascaetano.com\/de\/#website"},"datePublished":"2025-10-16T16:48:38+00:00","dateModified":"2025-11-21T13:01:33+00:00","description":"Datenschutzrichtlinie: Mit der Annahme der Datenschutzerkl\u00e4rung erm\u00e4chtigen Sie Luis G. A. P. zur Verarbeitung Ihrer personenbezogenen Daten.","breadcrumb":{"@id":"https:\/\/quintascaetano.com\/de\/datenschutzrichtlinie\/#breadcrumb"},"inLanguage":"de","potentialAction":[{"@type":"ReadAction","target":["https:\/\/quintascaetano.com\/de\/datenschutzrichtlinie\/"]}]},{"@type":"BreadcrumbList","@id":"https:\/\/quintascaetano.com\/de\/datenschutzrichtlinie\/#breadcrumb","itemListElement":[{"@type":"ListItem","position":1,"name":"Home","item":"https:\/\/quintascaetano.com\/de\/"},{"@type":"ListItem","position":2,"name":"Datenschutzrichtlinie"}]},{"@type":"WebSite","@id":"https:\/\/quintascaetano.com\/de\/#website","url":"https:\/\/quintascaetano.com\/de\/","name":"Quinta de S\u00e3o Caetano - S\u00e3o Miguel A\u00e7ores","description":"Quinta S\u00e3o Caetano - Sao Miguel - Azores","potentialAction":[{"@type":"SearchAction","target":{"@type":"EntryPoint","urlTemplate":"https:\/\/quintascaetano.com\/de\/?s={search_term_string}"},"query-input":{"@type":"PropertyValueSpecification","valueRequired":true,"valueName":"search_term_string"}}],"inLanguage":"de"}]}},"_links":{"self":[{"href":"https:\/\/quintascaetano.com\/de\/wp-json\/wp\/v2\/pages\/1883","targetHints":{"allow":["GET"]}}],"collection":[{"href":"https:\/\/quintascaetano.com\/de\/wp-json\/wp\/v2\/pages"}],"about":[{"href":"https:\/\/quintascaetano.com\/de\/wp-json\/wp\/v2\/types\/page"}],"author":[{"embeddable":true,"href":"https:\/\/quintascaetano.com\/de\/wp-json\/wp\/v2\/users\/1"}],"replies":[{"embeddable":true,"href":"https:\/\/quintascaetano.com\/de\/wp-json\/wp\/v2\/comments?post=1883"}],"version-history":[{"count":2,"href":"https:\/\/quintascaetano.com\/de\/wp-json\/wp\/v2\/pages\/1883\/revisions"}],"predecessor-version":[{"id":2127,"href":"https:\/\/quintascaetano.com\/de\/wp-json\/wp\/v2\/pages\/1883\/revisions\/2127"}],"wp:attachment":[{"href":"https:\/\/quintascaetano.com\/de\/wp-json\/wp\/v2\/media?parent=1883"}],"curies":[{"name":"wp","href":"https:\/\/api.w.org\/{rel}","templated":true}]}}